{"id":3619,"date":"2020-07-03T11:21:30","date_gmt":"2020-07-03T17:21:30","guid":{"rendered":"http:\/\/asociacionama.org.gt\/?page_id=3619"},"modified":"2020-09-08T10:23:03","modified_gmt":"2020-09-08T16:23:03","slug":"blog","status":"publish","type":"page","link":"https:\/\/asociacionama.org.gt\/en\/blog\/","title":{"rendered":"Blog"},"content":{"rendered":"<div class=\"wpb-content-wrapper\"><div class=\"vc_row wpb_row vc_row-fluid grop-dhav-dotted\"><div class=\"wpb_column vc_column_container text-left vc_col-sm-12\"><div class=\"vc_column-inner\"><div class=\"wpb_wrapper\">\n    <!-- Blog Start -->\n    <div class=\"grop-blog-wrap grop-filter_content_warp grop-blog-col-4\">\n      <div class=\"grop-filter_content\">      <article id=\"post-7266\" class=\"grop-filter_single_col post-7266 post type-post status-publish format-standard has-post-thumbnail hentry category-eventos category-institucionales category-juventudes category-ninas-adolescentes\">\n        \t\t\t\t<div class=\"grop-hm3news_single_post_warp  grop-blog_grid\">\n\t\t\t\t\t<div class=\"grop-news_pst_media\">\n\t\t\t\t\t\t\t          \t<img decoding=\"async\" src=\"https:\/\/asociacionama.org.gt\/wp-content\/uploads\/2026\/04\/FUTUROS-SEGUROS-RAXUHA.jpg\" alt=\"Empoderamiento en Acci\u00f3n: El impacto de \u00abFuturos Seguros\u00bb en las comunidades de San Luis, Pet\u00e9n.\">\n\t        \t\t\t\t\t\t<\/div><!--\/ end-->\n\t\t\t\t\t<div class=\"grop-news_pst_cont_warp\">\n\t\t\t\t\t\t<div class=\"grop-news_pst_cont\">\n\t\t\t\t\t\t<h4 class=\"grop-news_ps_title\"><a href=\"https:\/\/asociacionama.org.gt\/en\/empoderamiento-accion-impacto-futuros-seguros-comunidades-san-luis-peten\/\">Empoderamiento en Acci\u00f3n: El impacto de \u00abFuturos Seguros\u00bb en las comunidades de San Luis, Pet\u00e9n.<\/a><\/h4>\t\t\t\t\t\t\t<p>&nbsp; En un esfuerzo conjunto por fortalecer el liderazgo y la autonom\u00eda de las &#8230;\t\t\t        <\/p>\n\t\t\t\t\t\t<\/div><!--\/ end-->\n\t\t\t\t\t\t<!--meta element start \\-->\n\t\t\t\t\t\t\t\t\t\t\t\t<div class=\"grop-fix grop-news_pst_meta\">\n\t\t\t\t\t\t\t\t\t\t\t\t\t\t<div class=\"grop-float_right grop-news_pst_commnt\">\n\t\t\t\t\t\t\t\t<span><\/span>\t\t\t\t\t\t\t<\/div>\n\t\t\t\t\t\t\t\t\t\t\t\t\t<\/div><!--\/ end-->\n\t\t\t\t\t\t\t\t\t\t\t<\/div>\n\t\t\t\t<\/div>\n\t\t\t\t        <\/article><!-- #post-## -->\n            <article id=\"post-7260\" class=\"grop-filter_single_col post-7260 post type-post status-publish format-standard has-post-thumbnail hentry category-eventos category-institucionales category-juventudes category-ninas-adolescentes\">\n        \t\t\t\t<div class=\"grop-hm3news_single_post_warp  grop-blog_grid\">\n\t\t\t\t\t<div class=\"grop-news_pst_media\">\n\t\t\t\t\t\t\t          \t<img decoding=\"async\" src=\"https:\/\/asociacionama.org.gt\/wp-content\/uploads\/2026\/04\/juega-por-tu-educacion-asociacion-amagt-2026.jpg\" alt=\"\u00a1Meta alcanzada! 51 ni\u00f1as y adolescentes celebran su graduaci\u00f3n en el programa \u00abJuega por tu Educaci\u00f3n\u00bb\">\n\t        \t\t\t\t\t\t<\/div><!--\/ end-->\n\t\t\t\t\t<div class=\"grop-news_pst_cont_warp\">\n\t\t\t\t\t\t<div class=\"grop-news_pst_cont\">\n\t\t\t\t\t\t<h4 class=\"grop-news_ps_title\"><a href=\"https:\/\/asociacionama.org.gt\/en\/meta-alcanzada-ninas-adolescentes-celebran-graduacion-programa-juega-por-tu-educacion\/\">\u00a1Meta alcanzada! 51 ni\u00f1as y adolescentes celebran su graduaci\u00f3n en el programa \u00abJuega por tu Educaci\u00f3n\u00bb<\/a><\/h4>\t\t\t\t\t\t\t<p>En Asociaci\u00f3n AMA, creemos que cuando una ni\u00f1a juega, aprende; y cuando aprende, transforma &#8230;\t\t\t        <\/p>\n\t\t\t\t\t\t<\/div><!--\/ end-->\n\t\t\t\t\t\t<!--meta element start \\-->\n\t\t\t\t\t\t\t\t\t\t\t\t<div class=\"grop-fix grop-news_pst_meta\">\n\t\t\t\t\t\t\t\t\t\t\t\t\t\t<div class=\"grop-float_right grop-news_pst_commnt\">\n\t\t\t\t\t\t\t\t<span><\/span>\t\t\t\t\t\t\t<\/div>\n\t\t\t\t\t\t\t\t\t\t\t\t\t<\/div><!--\/ end-->\n\t\t\t\t\t\t\t\t\t\t\t<\/div>\n\t\t\t\t<\/div>\n\t\t\t\t        <\/article><!-- #post-## -->\n            <article id=\"post-7254\" class=\"grop-filter_single_col post-7254 post type-post status-publish format-standard has-post-thumbnail hentry category-institucionales category-juventudes category-ninas-adolescentes\">\n        \t\t\t\t<div class=\"grop-hm3news_single_post_warp  grop-blog_grid\">\n\t\t\t\t\t<div class=\"grop-news_pst_media\">\n\t\t\t\t\t\t\t          \t<img decoding=\"async\" src=\"https:\/\/asociacionama.org.gt\/wp-content\/uploads\/2026\/04\/capacitaciones-asociacion-ama-2026.jpg\" alt=\"Innovaci\u00f3n y Acci\u00f3n: El equipo de Asociaci\u00f3n AMA fortalece sus capacidades t\u00e9cnicas, sociales y deportivas.\">\n\t        \t\t\t\t\t\t<\/div><!--\/ end-->\n\t\t\t\t\t<div class=\"grop-news_pst_cont_warp\">\n\t\t\t\t\t\t<div class=\"grop-news_pst_cont\">\n\t\t\t\t\t\t<h4 class=\"grop-news_ps_title\"><a href=\"https:\/\/asociacionama.org.gt\/en\/innovacion-accion-equipo-asociacion-ama-fortalece-capacidades-tecnicas-sociales-deportivas\/\">Innovaci\u00f3n y Acci\u00f3n: El equipo de Asociaci\u00f3n AMA fortalece sus capacidades t\u00e9cnicas, sociales y deportivas.<\/a><\/h4>\t\t\t\t\t\t\t<p>En Asociaci\u00f3n AMA, creemos firmemente que, para transformar realidades, debemos empezar por fortalecer nuestras &#8230;\t\t\t        <\/p>\n\t\t\t\t\t\t<\/div><!--\/ end-->\n\t\t\t\t\t\t<!--meta element start \\-->\n\t\t\t\t\t\t\t\t\t\t\t\t<div class=\"grop-fix grop-news_pst_meta\">\n\t\t\t\t\t\t\t\t\t\t\t\t\t\t<div class=\"grop-float_right grop-news_pst_commnt\">\n\t\t\t\t\t\t\t\t<span><\/span>\t\t\t\t\t\t\t<\/div>\n\t\t\t\t\t\t\t\t\t\t\t\t\t<\/div><!--\/ end-->\n\t\t\t\t\t\t\t\t\t\t\t<\/div>\n\t\t\t\t<\/div>\n\t\t\t\t        <\/article><!-- #post-## -->\n            <article id=\"post-7249\" class=\"grop-filter_single_col post-7249 post type-post status-publish format-standard has-post-thumbnail hentry category-institucionales category-juventudes category-ninas-adolescentes\">\n        \t\t\t\t<div class=\"grop-hm3news_single_post_warp  grop-blog_grid\">\n\t\t\t\t\t<div class=\"grop-news_pst_media\">\n\t\t\t\t\t\t\t          \t<img decoding=\"async\" src=\"https:\/\/asociacionama.org.gt\/wp-content\/uploads\/2026\/03\/FUTUROS-SEGUROS-AMA-2025.jpg\" alt=\"Futuros Seguros: Transformando realidades y sembrando autonom\u00eda en Pet\u00e9n.\">\n\t        \t\t\t\t\t\t<\/div><!--\/ end-->\n\t\t\t\t\t<div class=\"grop-news_pst_cont_warp\">\n\t\t\t\t\t\t<div class=\"grop-news_pst_cont\">\n\t\t\t\t\t\t<h4 class=\"grop-news_ps_title\"><a href=\"https:\/\/asociacionama.org.gt\/en\/futuros-seguros-transformando-realidades-sembrando-autonomia-peten\/\">Futuros Seguros: Transformando realidades y sembrando autonom\u00eda en Pet\u00e9n.<\/a><\/h4>\t\t\t\t\t\t\t<p>\u00abAsociaci\u00f3n AMA fortalece el liderazgo y la econom\u00eda de adolescentes embarazadas y madres j\u00f3venes &#8230;\t\t\t        <\/p>\n\t\t\t\t\t\t<\/div><!--\/ end-->\n\t\t\t\t\t\t<!--meta element start \\-->\n\t\t\t\t\t\t\t\t\t\t\t\t<div class=\"grop-fix grop-news_pst_meta\">\n\t\t\t\t\t\t\t\t\t\t\t\t\t\t<div class=\"grop-float_right grop-news_pst_commnt\">\n\t\t\t\t\t\t\t\t<span><\/span>\t\t\t\t\t\t\t<\/div>\n\t\t\t\t\t\t\t\t\t\t\t\t\t<\/div><!--\/ end-->\n\t\t\t\t\t\t\t\t\t\t\t<\/div>\n\t\t\t\t<\/div>\n\t\t\t\t        <\/article><!-- #post-## -->\n            <article id=\"post-7220\" class=\"grop-filter_single_col post-7220 post type-post status-publish format-standard has-post-thumbnail hentry category-institucionales category-juventudes category-ninas-adolescentes\">\n        \t\t\t\t<div class=\"grop-hm3news_single_post_warp  grop-blog_grid\">\n\t\t\t\t\t<div class=\"grop-news_pst_media\">\n\t\t\t\t\t\t\t          \t<img decoding=\"async\" src=\"https:\/\/asociacionama.org.gt\/wp-content\/uploads\/2025\/08\/Inicio-Juega-por-tu-educacion-2025.jpg\" alt=\"Asociaci\u00f3n AMA lanza nueva fase de su programa &#8216;Juega por tu educaci\u00f3n&#8217; en San Luis y Popt\u00fan, Pet\u00e9n.\">\n\t        \t\t\t\t\t\t<\/div><!--\/ end-->\n\t\t\t\t\t<div class=\"grop-news_pst_cont_warp\">\n\t\t\t\t\t\t<div class=\"grop-news_pst_cont\">\n\t\t\t\t\t\t<h4 class=\"grop-news_ps_title\"><a href=\"https:\/\/asociacionama.org.gt\/en\/asociacion-ama-lanza-nueva-fase-programa-juega-por-tu-educacion-san-luis-poptun-peten\/\">Asociaci\u00f3n AMA lanza nueva fase de su programa &#8216;Juega por tu educaci\u00f3n&#8217; en San Luis y Popt\u00fan, Pet\u00e9n.<\/a><\/h4>\t\t\t\t\t\t\t<p>La Asociaci\u00f3n AMA ha iniciado una nueva fase de su programa &#8216;Juega por tu &#8230;\t\t\t        <\/p>\n\t\t\t\t\t\t<\/div><!--\/ end-->\n\t\t\t\t\t\t<!--meta element start \\-->\n\t\t\t\t\t\t\t\t\t\t\t\t<div class=\"grop-fix grop-news_pst_meta\">\n\t\t\t\t\t\t\t\t\t\t\t\t\t\t<div class=\"grop-float_right grop-news_pst_commnt\">\n\t\t\t\t\t\t\t\t<span><\/span>\t\t\t\t\t\t\t<\/div>\n\t\t\t\t\t\t\t\t\t\t\t\t\t<\/div><!--\/ end-->\n\t\t\t\t\t\t\t\t\t\t\t<\/div>\n\t\t\t\t<\/div>\n\t\t\t\t        <\/article><!-- #post-## -->\n            <article id=\"post-7211\" class=\"grop-filter_single_col post-7211 post type-post status-publish format-standard has-post-thumbnail hentry category-institucionales category-juventudes\">\n        \t\t\t\t<div class=\"grop-hm3news_single_post_warp  grop-blog_grid\">\n\t\t\t\t\t<div class=\"grop-news_pst_media\">\n\t\t\t\t\t\t\t          \t<img decoding=\"async\" src=\"https:\/\/asociacionama.org.gt\/wp-content\/uploads\/2025\/08\/FOTO-BASE-PROYECTOS-PRODUCTIVOS.jpg\" alt=\"Asociaci\u00f3n AMA Impulsa el Empoderamiento Econ\u00f3mico de Madres J\u00f3venes en Pet\u00e9n.\">\n\t        \t\t\t\t\t\t<\/div><!--\/ end-->\n\t\t\t\t\t<div class=\"grop-news_pst_cont_warp\">\n\t\t\t\t\t\t<div class=\"grop-news_pst_cont\">\n\t\t\t\t\t\t<h4 class=\"grop-news_ps_title\"><a href=\"https:\/\/asociacionama.org.gt\/en\/asociacion-ama-impulsa-empoderamiento-economico-de-madres-jovenes-en-peten\/\">Asociaci\u00f3n AMA Impulsa el Empoderamiento Econ\u00f3mico de Madres J\u00f3venes en Pet\u00e9n.<\/a><\/h4>\t\t\t\t\t\t\t<p>A trav\u00e9s de su programa Futuros Seguros, la Asociaci\u00f3n AMA est\u00e1 implementando proyectos productivos &#8230;\t\t\t        <\/p>\n\t\t\t\t\t\t<\/div><!--\/ end-->\n\t\t\t\t\t\t<!--meta element start \\-->\n\t\t\t\t\t\t\t\t\t\t\t\t<div class=\"grop-fix grop-news_pst_meta\">\n\t\t\t\t\t\t\t\t\t\t\t\t\t\t<div class=\"grop-float_right grop-news_pst_commnt\">\n\t\t\t\t\t\t\t\t<span><\/span>\t\t\t\t\t\t\t<\/div>\n\t\t\t\t\t\t\t\t\t\t\t\t\t<\/div><!--\/ end-->\n\t\t\t\t\t\t\t\t\t\t\t<\/div>\n\t\t\t\t<\/div>\n\t\t\t\t        <\/article><!-- #post-## -->\n            <article id=\"post-7206\" class=\"grop-filter_single_col post-7206 post type-post status-publish format-standard has-post-thumbnail hentry category-juventudes category-ninas-adolescentes\">\n        \t\t\t\t<div class=\"grop-hm3news_single_post_warp  grop-blog_grid\">\n\t\t\t\t\t<div class=\"grop-news_pst_media\">\n\t\t\t\t\t\t\t          \t<img decoding=\"async\" src=\"https:\/\/asociacionama.org.gt\/wp-content\/uploads\/2025\/08\/FOTO-BASE-ninas-pagina.jpg\" alt=\"Asociaci\u00f3n AMA lanza nueva temporada de su programa radial \u00abEl ABC de la Sexualidad\u00bb\">\n\t        \t\t\t\t\t\t<\/div><!--\/ end-->\n\t\t\t\t\t<div class=\"grop-news_pst_cont_warp\">\n\t\t\t\t\t\t<div class=\"grop-news_pst_cont\">\n\t\t\t\t\t\t<h4 class=\"grop-news_ps_title\"><a href=\"https:\/\/asociacionama.org.gt\/en\/asociacion-ama-lanza-nueva-temporada-programa-radial-el-abc-de-la-sexualidad\/\">Asociaci\u00f3n AMA lanza nueva temporada de su programa radial \u00abEl ABC de la Sexualidad\u00bb<\/a><\/h4>\t\t\t\t\t\t\t<p>La Asociaci\u00f3n AMA, a trav\u00e9s de su proyecto \u00abTomando decisiones informadas con el ABC &#8230;\t\t\t        <\/p>\n\t\t\t\t\t\t<\/div><!--\/ end-->\n\t\t\t\t\t\t<!--meta element start \\-->\n\t\t\t\t\t\t\t\t\t\t\t\t<div class=\"grop-fix grop-news_pst_meta\">\n\t\t\t\t\t\t\t\t\t\t\t\t\t\t<div class=\"grop-float_right grop-news_pst_commnt\">\n\t\t\t\t\t\t\t\t<span><\/span>\t\t\t\t\t\t\t<\/div>\n\t\t\t\t\t\t\t\t\t\t\t\t\t<\/div><!--\/ end-->\n\t\t\t\t\t\t\t\t\t\t\t<\/div>\n\t\t\t\t<\/div>\n\t\t\t\t        <\/article><!-- #post-## -->\n            <article id=\"post-7216\" class=\"grop-filter_single_col post-7216 post type-post status-publish format-standard has-post-thumbnail hentry category-institucionales category-juventudes category-ninas-adolescentes\">\n        \t\t\t\t<div class=\"grop-hm3news_single_post_warp  grop-blog_grid\">\n\t\t\t\t\t<div class=\"grop-news_pst_media\">\n\t\t\t\t\t\t\t          \t<img decoding=\"async\" src=\"https:\/\/asociacionama.org.gt\/wp-content\/uploads\/2025\/08\/Clausura-AMA-Juega-por-tu-educacion-2025.jpg\" alt=\"Asociaci\u00f3n AMA culmina con \u00e9xito el programa \u00abJuega por tu Educaci\u00f3n\u00bb en 4 escuelas de San Luis y Popt\u00fan, Pet\u00e9n.\">\n\t        \t\t\t\t\t\t<\/div><!--\/ end-->\n\t\t\t\t\t<div class=\"grop-news_pst_cont_warp\">\n\t\t\t\t\t\t<div class=\"grop-news_pst_cont\">\n\t\t\t\t\t\t<h4 class=\"grop-news_ps_title\"><a href=\"https:\/\/asociacionama.org.gt\/en\/asociacion-ama-culmina-con-exito-el-programa-juega-por-tu-educacion-en-4-escuelas-de-san-luis-y-poptun-peten\/\">Asociaci\u00f3n AMA culmina con \u00e9xito el programa \u00abJuega por tu Educaci\u00f3n\u00bb en 4 escuelas de San Luis y Popt\u00fan, Pet\u00e9n.<\/a><\/h4>\t\t\t\t\t\t\t<p>La Asociaci\u00f3n AMA celebr\u00f3 la culminaci\u00f3n del programa \u00abJuega por tu Educaci\u00f3n\u00bb, programa que &#8230;\t\t\t        <\/p>\n\t\t\t\t\t\t<\/div><!--\/ end-->\n\t\t\t\t\t\t<!--meta element start \\-->\n\t\t\t\t\t\t\t\t\t\t\t\t<div class=\"grop-fix grop-news_pst_meta\">\n\t\t\t\t\t\t\t\t\t\t\t\t\t\t<div class=\"grop-float_right grop-news_pst_commnt\">\n\t\t\t\t\t\t\t\t<span><\/span>\t\t\t\t\t\t\t<\/div>\n\t\t\t\t\t\t\t\t\t\t\t\t\t<\/div><!--\/ end-->\n\t\t\t\t\t\t\t\t\t\t\t<\/div>\n\t\t\t\t<\/div>\n\t\t\t\t        <\/article><!-- #post-## -->\n            <article id=\"post-7188\" class=\"grop-filter_single_col post-7188 post type-post status-publish format-standard has-post-thumbnail hentry category-juventudes category-ninas-adolescentes\">\n        \t\t\t\t<div class=\"grop-hm3news_single_post_warp  grop-blog_grid\">\n\t\t\t\t\t<div class=\"grop-news_pst_media\">\n\t\t\t\t\t\t\t          \t<img decoding=\"async\" src=\"https:\/\/asociacionama.org.gt\/wp-content\/uploads\/2025\/05\/Nueva-temporada-ABC-de-la-sexualidad-con-programa-juega-por-tu-educacion.gif\" alt=\"\u201cEl ABC de la sexualidad\u201d en una nueva temporada con la participaci\u00f3n de las ni\u00f1as adolescentes de \u201cJuega por tu educaci\u00f3n \u201c\">\n\t        \t\t\t\t\t\t<\/div><!--\/ end-->\n\t\t\t\t\t<div class=\"grop-news_pst_cont_warp\">\n\t\t\t\t\t\t<div class=\"grop-news_pst_cont\">\n\t\t\t\t\t\t<h4 class=\"grop-news_ps_title\"><a href=\"https:\/\/asociacionama.org.gt\/en\/el-abc-de-la-sexualidad-en-una-nueva-temporada-con-la-participacion-de-las-ninas-adolescentes-de-juega-por-tu-educacion\/\">\u201cEl ABC de la sexualidad\u201d en una nueva temporada con la participaci\u00f3n de las ni\u00f1as adolescentes de \u201cJuega por tu educaci\u00f3n \u201c<\/a><\/h4>\t\t\t\t\t\t\t<p>Asociaci\u00f3n AMA contin\u00faa fortaleciendo la educaci\u00f3n sexual integral en Pet\u00e9n a trav\u00e9s del Programa ...\t\t\t        <\/p>\n\t\t\t\t\t\t<\/div><!--\/ end-->\n\t\t\t\t\t\t<!--meta element start \\-->\n\t\t\t\t\t\t\t\t\t\t\t\t<div class=\"grop-fix grop-news_pst_meta\">\n\t\t\t\t\t\t\t\t\t\t\t\t\t\t<div class=\"grop-float_right grop-news_pst_commnt\">\n\t\t\t\t\t\t\t\t<span><\/span>\t\t\t\t\t\t\t<\/div>\n\t\t\t\t\t\t\t\t\t\t\t\t\t<\/div><!--\/ end-->\n\t\t\t\t\t\t\t\t\t\t\t<\/div>\n\t\t\t\t<\/div>\n\t\t\t\t        <\/article><!-- #post-## -->\n            <article id=\"post-7179\" class=\"grop-filter_single_col post-7179 post type-post status-publish format-standard has-post-thumbnail hentry category-institucionales category-juventudes category-ninas-adolescentes\">\n        \t\t\t\t<div class=\"grop-hm3news_single_post_warp  grop-blog_grid\">\n\t\t\t\t\t<div class=\"grop-news_pst_media\">\n\t\t\t\t\t\t\t          \t<img decoding=\"async\" src=\"https:\/\/asociacionama.org.gt\/wp-content\/uploads\/2025\/05\/foto-blog.jpg\" alt=\"Futuros Seguros, un programa que busca fortalecer las habilidades para la vida de las adolescentes embarazadas y madres j\u00f3venes en el Sur de Pet\u00e9n\">\n\t        \t\t\t\t\t\t<\/div><!--\/ end-->\n\t\t\t\t\t<div class=\"grop-news_pst_cont_warp\">\n\t\t\t\t\t\t<div class=\"grop-news_pst_cont\">\n\t\t\t\t\t\t<h4 class=\"grop-news_ps_title\"><a href=\"https:\/\/asociacionama.org.gt\/en\/futuros-seguros-programa-busca-fortalecer-habilidades-para-vida\/\">Futuros Seguros, un programa que busca fortalecer las habilidades para la vida de las adolescentes embarazadas y madres j\u00f3venes en el Sur de Pet\u00e9n<\/a><\/h4>\t\t\t\t\t\t\t<p>AMA dio inicio con \u201cFuturos Seguros\u201d un programa que beneficiar\u00e1 a mujeres embarazadas y ...\t\t\t        <\/p>\n\t\t\t\t\t\t<\/div><!--\/ end-->\n\t\t\t\t\t\t<!--meta element start \\-->\n\t\t\t\t\t\t\t\t\t\t\t\t<div class=\"grop-fix grop-news_pst_meta\">\n\t\t\t\t\t\t\t\t\t\t\t\t\t\t<div class=\"grop-float_right grop-news_pst_commnt\">\n\t\t\t\t\t\t\t\t<span><\/span>\t\t\t\t\t\t\t<\/div>\n\t\t\t\t\t\t\t\t\t\t\t\t\t<\/div><!--\/ end-->\n\t\t\t\t\t\t\t\t\t\t\t<\/div>\n\t\t\t\t<\/div>\n\t\t\t\t        <\/article><!-- #post-## -->\n            <article id=\"post-7156\" class=\"grop-filter_single_col post-7156 post type-post status-publish format-standard has-post-thumbnail hentry category-institucionales category-ninas-adolescentes\">\n        \t\t\t\t<div class=\"grop-hm3news_single_post_warp  grop-blog_grid\">\n\t\t\t\t\t<div class=\"grop-news_pst_media\">\n\t\t\t\t\t\t\t          \t<img decoding=\"async\" src=\"https:\/\/asociacionama.org.gt\/wp-content\/uploads\/2024\/09\/Futuros-seguros-san-luis-poptun-dolores.jpg\" alt=\"Con Futuros Seguros empoderando a adolescentes embarazadas y madres j\u00f3venes en Pet\u00e9n\">\n\t        \t\t\t\t\t\t<\/div><!--\/ end-->\n\t\t\t\t\t<div class=\"grop-news_pst_cont_warp\">\n\t\t\t\t\t\t<div class=\"grop-news_pst_cont\">\n\t\t\t\t\t\t<h4 class=\"grop-news_ps_title\"><a href=\"https:\/\/asociacionama.org.gt\/en\/con-futuros-seguros-empoderando-a-adolescentes-embarzadas-madres-jovenes-de-peten\/\">Con Futuros Seguros empoderando a adolescentes embarazadas y madres j\u00f3venes en Pet\u00e9n<\/a><\/h4>\t\t\t\t\t\t\t<p>Apoyo integral para adolescentes embarazadas y madres j\u00f3venes La Asociaci\u00f3n AMA ampliando su alcance ...\t\t\t        <\/p>\n\t\t\t\t\t\t<\/div><!--\/ end-->\n\t\t\t\t\t\t<!--meta element start \\-->\n\t\t\t\t\t\t\t\t\t\t\t\t<div class=\"grop-fix grop-news_pst_meta\">\n\t\t\t\t\t\t\t\t\t\t\t\t\t\t<div class=\"grop-float_right grop-news_pst_commnt\">\n\t\t\t\t\t\t\t\t<span><\/span>\t\t\t\t\t\t\t<\/div>\n\t\t\t\t\t\t\t\t\t\t\t\t\t<\/div><!--\/ end-->\n\t\t\t\t\t\t\t\t\t\t\t<\/div>\n\t\t\t\t<\/div>\n\t\t\t\t        <\/article><!-- #post-## -->\n            <article id=\"post-7126\" class=\"grop-filter_single_col post-7126 post type-post status-publish format-standard has-post-thumbnail hentry category-institucionales category-juventudes category-ninas-adolescentes\">\n        \t\t\t\t<div class=\"grop-hm3news_single_post_warp  grop-blog_grid\">\n\t\t\t\t\t<div class=\"grop-news_pst_media\">\n\t\t\t\t\t\t\t          \t<img decoding=\"async\" src=\"https:\/\/asociacionama.org.gt\/wp-content\/uploads\/2024\/09\/Campeonato-Anotale-un-gol-a-la-violencia-AMA.jpg\" alt=\"\u201cAn\u00f3tale un gol a la violencia\u201d, el campeonato que empodera a las mujeres\">\n\t        \t\t\t\t\t\t<\/div><!--\/ end-->\n\t\t\t\t\t<div class=\"grop-news_pst_cont_warp\">\n\t\t\t\t\t\t<div class=\"grop-news_pst_cont\">\n\t\t\t\t\t\t<h4 class=\"grop-news_ps_title\"><a href=\"https:\/\/asociacionama.org.gt\/en\/anotale-un-gol-a-la-violencia-de-asociacion-ama\/\">\u201cAn\u00f3tale un gol a la violencia\u201d, el campeonato que empodera a las mujeres<\/a><\/h4>\t\t\t\t\t\t\t<p>Inicia el campeonato \u201cAn\u00f3tale un gol a la violencia\u201d El campeonato de f\u00fatbol femenino ...\t\t\t        <\/p>\n\t\t\t\t\t\t<\/div><!--\/ end-->\n\t\t\t\t\t\t<!--meta element start \\-->\n\t\t\t\t\t\t\t\t\t\t\t\t<div class=\"grop-fix grop-news_pst_meta\">\n\t\t\t\t\t\t\t\t\t\t\t\t\t\t<div class=\"grop-float_right grop-news_pst_commnt\">\n\t\t\t\t\t\t\t\t<span><\/span>\t\t\t\t\t\t\t<\/div>\n\t\t\t\t\t\t\t\t\t\t\t\t\t<\/div><!--\/ end-->\n\t\t\t\t\t\t\t\t\t\t\t<\/div>\n\t\t\t\t<\/div>\n\t\t\t\t        <\/article><!-- #post-## -->\n      <\/div>    <\/div>\n    <!-- Blog End -->\n      <div class=\"text-center grop-posts-pagination-warp\">\n    <nav class=\"navigation pagination\">\n      <div class=\"nav-links\">\n      <span aria-current=\"page\" class=\"page-numbers current\">1<\/span>\n<a class=\"page-numbers\" href=\"https:\/\/asociacionama.org.gt\/en\/wp-json\/wp\/v2\/pages\/3619\/page\/2\/\">2<\/a>\n<a class=\"page-numbers\" href=\"https:\/\/asociacionama.org.gt\/en\/wp-json\/wp\/v2\/pages\/3619\/page\/3\/\">3<\/a>\n<span class=\"page-numbers dots\">&hellip;<\/span>\n<a class=\"page-numbers\" href=\"https:\/\/asociacionama.org.gt\/en\/wp-json\/wp\/v2\/pages\/3619\/page\/11\/\">11<\/a>\n<a class=\"next page-numbers\" href=\"https:\/\/asociacionama.org.gt\/en\/wp-json\/wp\/v2\/pages\/3619\/page\/2\/\">Next <i class=\"fa fa-angle-right\"><\/i><\/a>      <\/div>\n    <\/nav>\n  <\/div>\n<div class=\"vc_empty_space\"   style=\"height: 100px\"><span class=\"vc_empty_space_inner\"><\/span><\/div><\/div><\/div><\/div><\/div><div class=\"vc_row wpb_row vc_row-fluid grop-dhav-dotted vc_custom_1591585987981 vc_row-has-fill\"><div class=\"wpb_column vc_column_container text-left vc_col-sm-12\"><div class=\"vc_column-inner vc_custom_1504694696117\"><div class=\"wpb_wrapper\"><div class=\"grop-callout_area  grop-parlx-69f5bbb8800d5\"><div class=\"grop-vertical_middle  grop-fix grop-callout_container   vc_custom_1504695436119\"><div class=\"grop-ab_calut_txt\"><h3><span style=\"color: #ffffff;\">Do you want to make donations?<\/span><\/h3>\n<p><span style=\"color: #ffffff;\">You want to help adolescent girls, young women, and women in social programs.<\/span>.<\/p>\n<\/div><div class=\"grop-float_right grop-callout_btn_warp\"><div class=\"calout-btn\"><a class=\"grop-btn grop-btn_overly grop-callout_btn grop-btn-69f5bbb880219-se-un-voluntario\" href=\"#0\"><span>S\u00c9 UN VOLUNTARIO<\/span><\/a><\/div><\/div><\/div><\/div><\/div><\/div><\/div><\/div>\n<\/div>","protected":false},"excerpt":{"rendered":"Inicia el campeonato \u201cAn\u00f3tale un gol a la violencia\u201d El campeonato de f\u00fatbol femenino ...","protected":false},"author":1,"featured_media":0,"parent":0,"menu_order":0,"comment_status":"closed","ping_status":"closed","template":"","meta":{"footnotes":""},"class_list":["post-3619","page","type-page","status-publish","hentry"],"_links":{"self":[{"href":"https:\/\/asociacionama.org.gt\/en\/wp-json\/wp\/v2\/pages\/3619","targetHints":{"allow":["GET"]}}],"collection":[{"href":"https:\/\/asociacionama.org.gt\/en\/wp-json\/wp\/v2\/pages"}],"about":[{"href":"https:\/\/asociacionama.org.gt\/en\/wp-json\/wp\/v2\/types\/page"}],"author":[{"embeddable":true,"href":"https:\/\/asociacionama.org.gt\/en\/wp-json\/wp\/v2\/users\/1"}],"replies":[{"embeddable":true,"href":"https:\/\/asociacionama.org.gt\/en\/wp-json\/wp\/v2\/comments?post=3619"}],"version-history":[{"count":11,"href":"https:\/\/asociacionama.org.gt\/en\/wp-json\/wp\/v2\/pages\/3619\/revisions"}],"predecessor-version":[{"id":4174,"href":"https:\/\/asociacionama.org.gt\/en\/wp-json\/wp\/v2\/pages\/3619\/revisions\/4174"}],"wp:attachment":[{"href":"https:\/\/asociacionama.org.gt\/en\/wp-json\/wp\/v2\/media?parent=3619"}],"curies":[{"name":"wp","href":"https:\/\/api.w.org\/{rel}","templated":true}]}}